{"id":264,"date":"2019-11-11T22:19:44","date_gmt":"2019-11-11T22:19:44","guid":{"rendered":"http:\/\/zum-bader.de\/?page_id=264"},"modified":"2023-09-29T08:14:09","modified_gmt":"2023-09-29T08:14:09","slug":"feiern-und-veranstaltungen","status":"publish","type":"page","link":"http:\/\/zum-bader.de\/?page_id=264","title":{"rendered":"Feiern &#038; Veranstaltungen"},"content":{"rendered":"\n[et_pb_section fb_built=&#8221;1&#8243; fullwidth=&#8221;on&#8221; disabled_on=&#8221;off|off|off&#8221; admin_label=&#8221;Hero&#8221; _builder_version=&#8221;4.0.6&#8243; background_color=&#8221;#000000&#8243; parallax=&#8221;on&#8221; custom_padding=&#8221;|||&#8221; transparent_background=&#8221;on&#8221;][et_pb_fullwidth_header title=&#8221;Feiern und Veranstaltungen&#8221; text_orientation=&#8221;center&#8221; header_fullscreen=&#8221;on&#8221; header_scroll_down=&#8221;on&#8221; scroll_down_icon=&#8221;%%0%%&#8221; scroll_down_icon_color=&#8221;#ffffff&#8221; scroll_down_icon_size=&#8221;32px&#8221; button_one_url=&#8221;@ET-DC@eyJkeW5hbWljIjp0cnVlLCJjb250ZW50IjoicG9zdF9saW5rX3VybF9wYWdlIiwic2V0dGluZ3MiOnsicG9zdF9pZCI6IjU2In19@&#8221; button_two_url=&#8221;@ET-DC@eyJkeW5hbWljIjp0cnVlLCJjb250ZW50IjoicG9zdF9saW5rX3VybF9wYWdlIiwic2V0dGluZ3MiOnsicG9zdF9pZCI6IjU4In19@&#8221; background_overlay_color=&#8221;rgba(31,31,31,0.8)&#8221; subhead_font_color=&#8221;#bebebe&#8221; _builder_version=&#8221;4.0.6&#8243; _dynamic_attributes=&#8221;button_one_url,button_two_url&#8221; title_font=&#8221;Playfair Display||||&#8221; title_text_color=&#8221;#ffffff&#8221; title_font_size=&#8221;50px&#8221; title_line_height=&#8221;1.3em&#8221; content_font=&#8221;Montserrat||||&#8221; content_text_color=&#8221;#bfbfbf&#8221; content_font_size=&#8221;19px&#8221; content_line_height=&#8221;1.8em&#8221; subhead_font=&#8221;Montserrat||||&#8221; subhead_text_color=&#8221;#bebebe&#8221; subhead_line_height=&#8221;1.8em&#8221; background_color=&#8221;rgba(255, 255, 255, 0)&#8221; background_image=&#8221;http:\/\/zum-bader.de\/wp-content\/uploads\/2019\/11\/centralimage3.jpg&#8221; parallax=&#8221;on&#8221; parallax_method=&#8221;on&#8221; custom_button_one=&#8221;on&#8221; button_one_text_size=&#8221;15px&#8221; button_one_text_color=&#8221;#ffffff&#8221; button_one_border_width=&#8221;2px&#8221; button_one_border_color=&#8221;#ffffff&#8221; button_one_border_radius=&#8221;0px&#8221; button_one_letter_spacing=&#8221;1px&#8221; button_one_font=&#8221;Montserrat|||on|&#8221; button_one_use_icon=&#8221;off&#8221; custom_button_two=&#8221;on&#8221; button_two_text_size=&#8221;15px&#8221; button_two_text_color=&#8221;#ffffff&#8221; button_two_bg_color=&#8221;#c39d63&#8243; button_two_border_width=&#8221;2px&#8221; button_two_border_color=&#8221;#c39d63&#8243; button_two_border_radius=&#8221;0px&#8221; button_two_letter_spacing=&#8221;1px&#8221; button_two_font=&#8221;Montserrat|||on|&#8221; button_two_use_icon=&#8221;off&#8221; custom_padding=&#8221;||0px|||&#8221; animation_style=&#8221;zoom&#8221; animation_duration=&#8221;1500ms&#8221; animation_intensity_zoom=&#8221;4%&#8221; title_line_height_last_edited=&#8221;off|desktop&#8221; button_one_border_radius_hover=&#8221;0px&#8221; button_one_letter_spacing_hover=&#8221;1px&#8221; button_two_letter_spacing_hover=&#8221;1px&#8221; button_one_text_size__hover_enabled=&#8221;off&#8221; button_two_text_size__hover_enabled=&#8221;off&#8221; button_one_text_color__hover_enabled=&#8221;off&#8221; button_two_text_color__hover_enabled=&#8221;off&#8221; button_one_border_width__hover_enabled=&#8221;off&#8221; button_two_border_width__hover_enabled=&#8221;off&#8221; button_one_border_color__hover_enabled=&#8221;off&#8221; button_two_border_color__hover_enabled=&#8221;off&#8221; button_one_border_radius__hover_enabled=&#8221;on&#8221; button_one_border_radius__hover=&#8221;0px&#8221; button_two_border_radius__hover_enabled=&#8221;off&#8221; button_one_letter_spacing__hover_enabled=&#8221;on&#8221; button_one_letter_spacing__hover=&#8221;1px&#8221; button_two_letter_spacing__hover_enabled=&#8221;on&#8221; button_two_letter_spacing__hover=&#8221;1px&#8221; button_one_bg_color__hover_enabled=&#8221;off&#8221; button_two_bg_color__hover_enabled=&#8221;off&#8221; content__hover_enabled=&#8221;on|desktop&#8221;]<p>&nbsp;<\/p>\n<p>Man soll die Feste feiern wie sie fallen sagt man! Dem k\u00f6nnen wir nur zustimmen und gerne bieten wir Ihnen hierf\u00fcr den passenden Rahmen. Egal ob Hochzeit, Geburtstag, Firmenfeier, oder einfach ein paar gesellige Stunden in gem\u00fctlicher Atmosph\u00e4re &#8211; wir bieten f\u00fcr jede Feierlichkeit den passenden Rahmen! Sprechen Sie uns gerne an.<\/p>[\/et_pb_fullwidth_header][\/et_pb_section][et_pb_section fb_built=&#8221;1&#8243; admin_label=&#8221;Our News &#038; Events&#8221; _builder_version=&#8221;3.22&#8243; background_color=&#8221;rgba(0,0,0,0.03)&#8221; custom_padding=&#8221;14px|0px|100px|0px||&#8221; collapsed=&#8221;off&#8221;][et_pb_row _builder_version=&#8221;3.25&#8243; background_size=&#8221;initial&#8221; background_position=&#8221;top_left&#8221; background_repeat=&#8221;repeat&#8221; custom_padding=&#8221;27px|0px|27px|0px&#8221;][et_pb_column type=&#8221;4_4&#8243; _builder_version=&#8221;3.25&#8243; custom_padding=&#8221;|||&#8221; custom_padding__hover=&#8221;|||&#8221;][et_pb_text _builder_version=&#8221;4.0.6&#8243; text_font=&#8221;||||||||&#8221; header_font=&#8221;||||||||&#8221; header_3_font=&#8221;Montserrat|700||on|||||&#8221; header_3_text_color=&#8221;#bfbfbf&#8221; header_3_font_size=&#8221;14px&#8221; header_3_letter_spacing=&#8221;2px&#8221; header_3_line_height=&#8221;1.3em&#8221; background_size=&#8221;initial&#8221; background_position=&#8221;top_left&#8221; background_repeat=&#8221;repeat&#8221; text_orientation=&#8221;center&#8221; module_alignment=&#8221;center&#8221; custom_margin=&#8221;||-4px|||&#8221; custom_padding=&#8221;|||&#8221; animation_style=&#8221;slide&#8221; animation_direction=&#8221;bottom&#8221; saved_tabs=&#8221;all&#8221; locked=&#8221;off&#8221; text_letter_spacing__hover=&#8221;0px&#8221; text_letter_spacing__hover_enabled=&#8221;0px&#8221; text_line_height__hover=&#8221;1.7em&#8221; text_line_height__hover_enabled=&#8221;1.7em&#8221; text_orientation__hover=&#8221;left&#8221; text_orientation__hover_enabled=&#8221;left&#8221; text_font_size__hover=&#8221;14px&#8221; text_font_size__hover_enabled=&#8221;14px&#8221; text_text_shadow_style__hover=&#8221;none&#8221; text_text_shadow_style__hover_enabled=&#8221;none&#8221; text_text_shadow_color__hover=&#8221;rgba(0,0,0,0.4)&#8221; text_text_shadow_color__hover_enabled=&#8221;rgba(0,0,0,0.4)&#8221; link_font_size__hover=&#8221;14px&#8221; link_font_size__hover_enabled=&#8221;14px&#8221; link_letter_spacing__hover=&#8221;0px&#8221; link_letter_spacing__hover_enabled=&#8221;0px&#8221; link_line_height__hover=&#8221;1em&#8221; link_line_height__hover_enabled=&#8221;1em&#8221; link_text_shadow_style__hover=&#8221;none&#8221; link_text_shadow_style__hover_enabled=&#8221;none&#8221; link_text_shadow_color__hover=&#8221;rgba(0,0,0,0.4)&#8221; link_text_shadow_color__hover_enabled=&#8221;rgba(0,0,0,0.4)&#8221; ul_font_size__hover=&#8221;14px&#8221; ul_font_size__hover_enabled=&#8221;14px&#8221; ul_letter_spacing__hover=&#8221;0px&#8221; ul_letter_spacing__hover_enabled=&#8221;0px&#8221; ul_line_height__hover=&#8221;1em&#8221; ul_line_height__hover_enabled=&#8221;1em&#8221; ul_text_shadow_style__hover=&#8221;none&#8221; ul_text_shadow_style__hover_enabled=&#8221;none&#8221; ul_text_shadow_color__hover=&#8221;rgba(0,0,0,0.4)&#8221; ul_text_shadow_color__hover_enabled=&#8221;rgba(0,0,0,0.4)&#8221; ol_font_size__hover=&#8221;14px&#8221; ol_font_size__hover_enabled=&#8221;14px&#8221; ol_letter_spacing__hover=&#8221;0px&#8221; ol_letter_spacing__hover_enabled=&#8221;0px&#8221; ol_line_height__hover=&#8221;1em&#8221; ol_line_height__hover_enabled=&#8221;1em&#8221; ol_text_shadow_style__hover=&#8221;none&#8221; ol_text_shadow_style__hover_enabled=&#8221;none&#8221; ol_text_shadow_color__hover=&#8221;rgba(0,0,0,0.4)&#8221; ol_text_shadow_color__hover_enabled=&#8221;rgba(0,0,0,0.4)&#8221; quote_font_size__hover=&#8221;14px&#8221; quote_font_size__hover_enabled=&#8221;14px&#8221; quote_letter_spacing__hover=&#8221;0px&#8221; quote_letter_spacing__hover_enabled=&#8221;0px&#8221; quote_line_height__hover=&#8221;1em&#8221; quote_line_height__hover_enabled=&#8221;1em&#8221; quote_text_shadow_style__hover=&#8221;none&#8221; quote_text_shadow_style__hover_enabled=&#8221;none&#8221; quote_text_shadow_color__hover=&#8221;rgba(0,0,0,0.4)&#8221; quote_text_shadow_color__hover_enabled=&#8221;rgba(0,0,0,0.4)&#8221; background_layout__hover=&#8221;light&#8221; background_layout__hover_enabled=&#8221;light&#8221;]<h3>Inspiration Gef\u00e4llig?<\/h3>[\/et_pb_text][et_pb_divider show_divider=&#8221;off&#8221; _builder_version=&#8221;3.2&#8243; max_width=&#8221;60px&#8221; module_alignment=&#8221;center&#8221; custom_margin=&#8221;||10px|&#8221; saved_tabs=&#8221;all&#8221; locked=&#8221;off&#8221;][\/et_pb_divider][et_pb_text _builder_version=&#8221;3.27.4&#8243; text_font=&#8221;||||||||&#8221; header_font=&#8221;||||||||&#8221; header_2_font=&#8221;Playfair Display||||&#8221; header_2_font_size=&#8221;48px&#8221; header_2_line_height=&#8221;1.3em&#8221; background_size=&#8221;initial&#8221; background_position=&#8221;top_left&#8221; background_repeat=&#8221;repeat&#8221; text_orientation=&#8221;center&#8221; custom_margin=&#8221;-34px|||||&#8221; locked=&#8221;off&#8221; header_font_size__hover=&#8221;30px&#8221; header_font_size__hover_enabled=&#8221;30px&#8221; header_letter_spacing__hover=&#8221;0px&#8221; header_letter_spacing__hover_enabled=&#8221;0px&#8221; header_text_shadow_style__hover=&#8221;none&#8221; header_text_shadow_style__hover_enabled=&#8221;none&#8221; header_text_shadow_color__hover=&#8221;rgba(0,0,0,0.4)&#8221; header_text_shadow_color__hover_enabled=&#8221;rgba(0,0,0,0.4)&#8221;]<h2>Unsere Men\u00fcvorschl\u00e4ge<\/h2>[\/et_pb_text][et_pb_text _builder_version=&#8221;4.0.6&#8243; text_font=&#8221;Montserrat||||&#8221; text_text_color=&#8221;#939393&#8243; text_font_size=&#8221;17px&#8221; text_line_height=&#8221;1.8em&#8221; header_font=&#8221;||||&#8221; background_size=&#8221;initial&#8221; background_position=&#8221;top_left&#8221; background_repeat=&#8221;repeat&#8221; text_orientation=&#8221;center&#8221; max_width=&#8221;815px&#8221; module_alignment=&#8221;center&#8221; min_height=&#8221;31px&#8221; custom_margin=&#8221;-29px|||||&#8221; custom_padding=&#8221;|||0px||&#8221; animation_style=&#8221;slide&#8221; animation_direction=&#8221;top&#8221; animation_intensity_slide=&#8221;4%&#8221;]<p>Nat\u00fcrlich sind Sie in der Gestaltung Ihrer Feier und bei der Auswahl Ihres Men\u00fcs frei, wir unterst\u00fctzen Sie gerne. Als kleine Inspiration k\u00f6nnen Ihnen vielleicht unsere Men\u00fcvorschl\u00e4ge dienen. Ganz im Wortsinn ist dies in der Tat als Vorschlag gemeint, gerne k\u00f6nnen Sie die einzelnen Elemente innerhalb der Men\u00fcs tauschen, andere Gerichte aus unserer Tages- und Sonderkarte hineinnehmen, oder eigene Vorschl\u00e4ge einbringen. Gerne versuchen wir, mit Ihnen eine passende L\u00f6sung zu finden. <\/p>[\/et_pb_text][\/et_pb_column][\/et_pb_row][et_pb_row _builder_version=&#8221;4.0.6&#8243;][et_pb_column type=&#8221;4_4&#8243; _builder_version=&#8221;4.0.6&#8243;][et_pb_image src=&#8221;http:\/\/zum-bader.de\/wp-content\/uploads\/2019\/11\/menuevorschlaege.jpg&#8221; url_new_window=&#8221;on&#8221; _builder_version=&#8221;4.0.6&#8243; width=&#8221;99%&#8221; module_alignment=&#8221;center&#8221;][\/et_pb_image][\/et_pb_column][\/et_pb_row][et_pb_row _builder_version=&#8221;4.0.6&#8243;][et_pb_column type=&#8221;4_4&#8243; _builder_version=&#8221;4.0.6&#8243;][et_pb_text _builder_version=&#8221;4.0.6&#8243;]<p style=\"text-align: center;\">Eine aktuelle Preisliste erhalten Sie gerne auf Anfrage, die Preise beginnen <br \/>bei EUR 23,00 pro Person. Bitte beachten Sie, dass eine Mindestpersonenzahl von<br \/>15 Personen n\u00f6tig ist. Alle Details kl\u00e4ren wir gerne in einem pers\u00f6nlichen Gespr\u00e4ch.<\/p>[\/et_pb_text][\/et_pb_column][\/et_pb_row][\/et_pb_section][et_pb_section fb_built=&#8221;1&#8243; _builder_version=&#8221;4.0.6&#8243;][et_pb_row column_structure=&#8221;2_5,3_5&#8243; _builder_version=&#8221;4.0.6&#8243;][et_pb_column type=&#8221;2_5&#8243; _builder_version=&#8221;4.0.6&#8243;][et_pb_image src=&#8221;http:\/\/zum-bader.de\/wp-content\/uploads\/2019\/11\/centralimage3.jpg&#8221; _builder_version=&#8221;4.0.6&#8243;][\/et_pb_image][\/et_pb_column][et_pb_column type=&#8221;3_5&#8243; _builder_version=&#8221;4.0.6&#8243;][et_pb_text _builder_version=&#8221;4.0.6&#8243;]<p>An dieser Stelle m\u00f6chten wir Ihnen eine kleine Auswahl unserer Tischdekorationsm\u00f6glichkeiten als Anregung pr\u00e4sentieren. Nat\u00fcrlich sind Sie in der Wahl der Dekoration Ihrer Feier frei und k\u00f6nnen individuell gestalten oder uns damit beauftragen. Kerzen, Servietten, Blumen und vieles mehr sollen ganz Ihren W\u00fcnschen entsprechen und Ihrem Fest eine pers\u00f6nliche Note verleihen!<\/p>[\/et_pb_text][\/et_pb_column][\/et_pb_row][\/et_pb_section][et_pb_section fb_built=&#8221;1&#8243; _builder_version=&#8221;4.0.6&#8243;][et_pb_row _builder_version=&#8221;4.0.6&#8243; column_structure=&#8221;1_3,1_3,1_3&#8243;][et_pb_column _builder_version=&#8221;4.0.6&#8243; type=&#8221;1_3&#8243;][et_pb_image src=&#8221;http:\/\/zum-bader.de\/wp-content\/uploads\/2020\/01\/IMG_4654.jpg&#8221; _builder_version=&#8221;4.0.6&#8243; hover_enabled=&#8221;0&#8243;][\/et_pb_image][\/et_pb_column][et_pb_column _builder_version=&#8221;4.0.6&#8243; type=&#8221;1_3&#8243;][et_pb_image src=&#8221;http:\/\/zum-bader.de\/wp-content\/uploads\/2020\/01\/IMG_4655.jpg&#8221; _builder_version=&#8221;4.0.6&#8243; hover_enabled=&#8221;0&#8243;][\/et_pb_image][\/et_pb_column][et_pb_column _builder_version=&#8221;4.0.6&#8243; type=&#8221;1_3&#8243;][et_pb_image src=&#8221;http:\/\/zum-bader.de\/wp-content\/uploads\/2020\/01\/IMG_4610.jpg&#8221; _builder_version=&#8221;4.0.6&#8243; hover_enabled=&#8221;0&#8243;][\/et_pb_image][\/et_pb_column][\/et_pb_row][\/et_pb_section][et_pb_section fb_built=&#8221;1&#8243; _builder_version=&#8221;4.0.6&#8243;][et_pb_row _builder_version=&#8221;4.0.6&#8243; column_structure=&#8221;1_5,3_5,1_5&#8243;][et_pb_column _builder_version=&#8221;4.0.6&#8243; type=&#8221;1_5&#8243;][\/et_pb_column][et_pb_column _builder_version=&#8221;4.0.6&#8243; type=&#8221;3_5&#8243;][et_pb_video src=&#8221;https:\/\/youtu.be\/sTlqcqgOfG0&#8243; _builder_version=&#8221;4.0.6&#8243; hover_enabled=&#8221;0&#8243;][\/et_pb_video][\/et_pb_column][et_pb_column _builder_version=&#8221;4.0.6&#8243; type=&#8221;1_5&#8243;][\/et_pb_column][\/et_pb_row][\/et_pb_section][et_pb_section fb_built=&#8221;1&#8243; admin_label=&#8221;Contact Us&#8221; _builder_version=&#8221;4.0.6&#8243; background_color=&#8221;rgba(0,0,0,0.75)&#8221; background_image=&#8221;http:\/\/zum-bader.de\/wp-content\/uploads\/2019\/11\/centralimage3.jpg&#8221; background_blend=&#8221;color&#8221; custom_padding=&#8221;100px|0px|100px|0px&#8221; locked=&#8221;off&#8221; collapsed=&#8221;off&#8221;][\/et_pb_section]\n","protected":false},"excerpt":{"rendered":"<p>&nbsp; Man soll die Feste feiern wie sie fallen sagt man! Dem k\u00f6nnen wir nur zustimmen und gerne bieten wir Ihnen hierf\u00fcr den passenden Rahmen. Egal ob Hochzeit, Geburtstag, Firmenfeier, oder einfach ein paar gesellige Stunden in gem\u00fctlicher Atmosph\u00e4re &#8211; wir bieten f\u00fcr jede Feierlichkeit den passenden Rahmen! Sprechen Sie uns gerne an.Inspiration Gef\u00e4llig?Unsere Men\u00fcvorschl\u00e4geNat\u00fcrlich [&hellip;]<\/p>\n","protected":false},"author":1,"featured_media":0,"parent":0,"menu_order":0,"comment_status":"closed","ping_status":"closed","template":"","meta":{"_et_pb_use_builder":"on","_et_pb_old_content":"","_et_gb_content_width":"","footnotes":""},"class_list":["post-264","page","type-page","status-publish","hentry"],"_links":{"self":[{"href":"http:\/\/zum-bader.de\/index.php?rest_route=\/wp\/v2\/pages\/264","targetHints":{"allow":["GET"]}}],"collection":[{"href":"http:\/\/zum-bader.de\/index.php?rest_route=\/wp\/v2\/pages"}],"about":[{"href":"http:\/\/zum-bader.de\/index.php?rest_route=\/wp\/v2\/types\/page"}],"author":[{"embeddable":true,"href":"http:\/\/zum-bader.de\/index.php?rest_route=\/wp\/v2\/users\/1"}],"replies":[{"embeddable":true,"href":"http:\/\/zum-bader.de\/index.php?rest_route=%2Fwp%2Fv2%2Fcomments&post=264"}],"version-history":[{"count":6,"href":"http:\/\/zum-bader.de\/index.php?rest_route=\/wp\/v2\/pages\/264\/revisions"}],"predecessor-version":[{"id":223634,"href":"http:\/\/zum-bader.de\/index.php?rest_route=\/wp\/v2\/pages\/264\/revisions\/223634"}],"wp:attachment":[{"href":"http:\/\/zum-bader.de\/index.php?rest_route=%2Fwp%2Fv2%2Fmedia&parent=264"}],"curies":[{"name":"wp","href":"https:\/\/api.w.org\/{rel}","templated":true}]}}